{"id":344022,"date":"2025-03-06T13:40:56","date_gmt":"2025-03-06T12:40:56","guid":{"rendered":"https:\/\/casevaldesi.it\/startseite\/"},"modified":"2026-07-30T09:40:22","modified_gmt":"2026-07-30T07:40:22","slug":"startseite","status":"publish","type":"page","link":"https:\/\/casevaldesi.it\/de\/","title":{"rendered":"Startseite"},"content":{"rendered":"<section class=\"grid grid--has-combos grid--mt-default grid--mb-default grid--align-full grid--no-background  __grid \">\n  <div class=\"grid__inner grid__inner--align-full\">\n        <ul class=\"grid__row grid__row--columns-4 grid__row--valign-top combos combos--columns-4\">\n              \n<li class=\"combo combo--align-center combo--textalign-default combo--no-background combo--4-cols combos__combo \">  \n      <div class=\"combo__inner combo__inner--has-description combo__inner--has-normal-description combo__inner--no-image\">\n      <div class=\"combo__texts combo__texts--has-description combo__texts--has-normal-description\">\n        <h3 class=\"combo__title\">Gastfreundschaft in Hotels und Pensionen in Italien<\/h3>\n                  <div class=\"combo__description\">\n            \n\n<p class=\"wp-block-paragraph\">Leidenschaftlich f\u00fcr Kunst und Kultur? Naturliebhaber? M\u00f6gen Sie das Meer?  <\/p>\n\n\n\n<p class=\"wp-block-paragraph\">Die Case Valdesi bieten f\u00fcr jeden Bedarf die passende L\u00f6sung und f\u00f6rdern einen verantwortungsbewussten und solidarischen Tourismus.<\/p>\n\n\n          <\/div>\n                          <div class=\"combo__cta\">\n            <a class=\"combo__button button\" target=\"_self\" href=\"https:\/\/casevaldesi.it\/case\/\" title=\"Gastfreundschaft in Hotels und Pensionen in Italien\">\n              Entdecken Sie die Reiseziele\n            <\/a>\n          <\/div>\n                \n      <\/div>\n    <\/div>\n  <\/li>\n\n<li class=\"combo combo--align-center combo--textalign-default combo--has-background has-dark-background-color combo--4-cols combos__combo \">  \n      <a class=\"combo__inner combo__inner--no-description combo__inner--has-image\" target=\"_self\" href=\"https:\/\/casevaldesi.it\/case\/#art\" title=\"Stadt der Kunst\">\n      <div class=\"combo__bg combo__bg--position-default combo__bg--overlay-is-default \">\n                  <video class=\"heading-hero__video\" width=\"320\" height=\"240\" autoplay playsinline muted loop>\n            <source src=\"https:\/\/casevaldesi.it\/wp-content\/uploads\/2025\/05\/citta.vert_.mp4\" type=\"video\/mp4\">\n            Your browser does not support the video tag.\n          <\/video>\n              <\/div>\n              <div class=\"combo__overlay combo__overlay--is-default combo__overlay--color-dark\"><\/div>\n            <div class=\"combo__texts combo__texts--no-description\">\n        <h3 class=\"combo__title\">Stadt der Kunst<\/h3>\n      <\/div>\n    <\/a>\n  <\/li>\n\n<li class=\"combo combo--align-center combo--textalign-default combo--has-background has-dark-background-color combo--4-cols combos__combo \">  \n      <a class=\"combo__inner combo__inner--no-description combo__inner--has-image\" target=\"_self\" href=\"https:\/\/casevaldesi.it\/case\/#nature\" title=\"Natur\">\n      <div class=\"combo__bg combo__bg--position-default combo__bg--overlay-is-default \">\n                  <video class=\"heading-hero__video\" width=\"320\" height=\"240\" autoplay playsinline muted loop>\n            <source src=\"https:\/\/casevaldesi.it\/wp-content\/uploads\/2025\/05\/campagna.vert_.mp4\" type=\"video\/mp4\">\n            Your browser does not support the video tag.\n          <\/video>\n              <\/div>\n              <div class=\"combo__overlay combo__overlay--is-default combo__overlay--color-dark\"><\/div>\n            <div class=\"combo__texts combo__texts--no-description\">\n        <h3 class=\"combo__title\">Natur<\/h3>\n      <\/div>\n    <\/a>\n  <\/li>\n\n<li class=\"combo combo--align-center combo--textalign-default combo--has-background has-dark-background-color combo--4-cols combos__combo \">  \n      <a class=\"combo__inner combo__inner--no-description combo__inner--has-image\" target=\"_self\" href=\"casevaldesi.it\/case\/#sea\" title=\"Meer\">\n      <div class=\"combo__bg combo__bg--position-default combo__bg--overlay-is-default \">\n                  <video class=\"heading-hero__video\" width=\"320\" height=\"240\" autoplay playsinline muted loop>\n            <source src=\"https:\/\/casevaldesi.it\/wp-content\/uploads\/2025\/05\/mare.vert_.mp4\" type=\"video\/mp4\">\n            Your browser does not support the video tag.\n          <\/video>\n              <\/div>\n              <div class=\"combo__overlay combo__overlay--is-default combo__overlay--color-dark\"><\/div>\n            <div class=\"combo__texts combo__texts--no-description\">\n        <h3 class=\"combo__title\">Meer<\/h3>\n      <\/div>\n    <\/a>\n  <\/li>\n\n          <\/ul>\n      <\/div>\n<\/section><section\n  class=\"section section--mt-default section--mb-sm section--pt-default section--pb-default section--height-default section--align-wide section--has-background has-dark-background-color \">\n\n      <div class=\"section__bg section__bg--position-default\">\n      <picture class=\"ratio__content\" alt=\"\" title=\"\" data-caption=\"\"> \n                <source loading=\"lazy\" srcset=\"https:\/\/casevaldesi.it\/wp-content\/uploads\/2025\/05\/aaron-burden-cEukkv42O40-unsplash.jpg\" media=\"(min-width: 1400px)\" \/>\n\n              <source loading=\"lazy\" srcset=\"https:\/\/casevaldesi.it\/wp-content\/uploads\/2025\/05\/aaron-burden-cEukkv42O40-unsplash-1400x875.jpg\" media=\"(min-width: 574px)\" \/>\n\n              <source loading=\"lazy\" srcset=\"https:\/\/casevaldesi.it\/wp-content\/uploads\/2025\/05\/aaron-burden-cEukkv42O40-unsplash-574x765.jpg\" \/>\n\n                <img decoding=\"async\"  width=\"\" height=\"\" loading=\"lazy\" alt=\"aaron-burden-cEukkv42O40-unsplash\" title=\"aaron-burden-cEukkv42O40-unsplash\" data-caption=\"\" src=\"https:\/\/casevaldesi.it\/wp-content\/uploads\/2025\/05\/aaron-burden-cEukkv42O40-unsplash.jpg\" data-src=\"https:\/\/casevaldesi.it\/wp-content\/uploads\/2025\/05\/aaron-burden-cEukkv42O40-unsplash.jpg\"\/>\n\n        \n<\/picture>\n    <\/div>\n        <div class=\"section__overlay section__overlay--is-default\"><\/div>\n    <div class=\"section__inner section__inner--align-wide\">\n          <div class=\"section__typography typography typography--wide\">\n      \n\n<h2 class=\"wp-block-heading has-text-align-center alignwide has-h-1-font-size\">Unsere Angebote<\/h2>\n\n\n\n<div class=\"wp-block-buttons is-content-justification-center\">\n<div class=\"wp-block-button\"><a class=\"wp-block-button__link wp-element-button\" href=\"https:\/\/casevaldesi.it\/de\/angebote\/\">Entdecken Sie<\/a><\/div>\n<\/div>\n\n\n  <\/div>      <\/div>\n<\/section>\n<section class=\"grid grid--has-combos grid--mt-sm grid--mb-default grid--align-full grid--no-background  __grid \">\n  <div class=\"grid__inner grid__inner--align-full\">\n        <ul class=\"grid__row grid__row--columns-2 grid__row--valign-top combos combos--columns-2\">\n              \n<li class=\"combo combo--align-center combo--textalign-default combo--no-background combo--2-cols combos__combo \">  \n      <a class=\"combo__inner combo__inner--has-image combo__inner--has-boxed-description\" target=\"_self\" href=\"https:\/\/casevaldesi.it\/de\/unsere-werte\/\" title=\"Unsere Werte\">\n      <div class=\"combo__bg combo__bg--position-default combo__bg--overlay-is-default \">\n                  <picture class=\"ratio__content\" alt=\"\" title=\"\" data-caption=\"\"> \n                    <source loading=\"lazy\" srcset=\"https:\/\/casevaldesi.it\/wp-content\/uploads\/2025\/05\/mediterranean-hope-2.jpg\" media=\"(min-width: 1400px)\" \/>\n\n                  <source loading=\"lazy\" srcset=\"https:\/\/casevaldesi.it\/wp-content\/uploads\/2025\/05\/mediterranean-hope-2.jpg\" media=\"(min-width: 574px)\" \/>\n\n                  <source loading=\"lazy\" srcset=\"https:\/\/casevaldesi.it\/wp-content\/uploads\/2025\/05\/mediterranean-hope-2.jpg\" \/>\n\n                    <img decoding=\"async\"  width=\"\" height=\"\" loading=\"lazy\" alt=\"mediterranean-hope-2\" title=\"mediterranean-hope-2\" data-caption=\"\" src=\"https:\/\/casevaldesi.it\/wp-content\/uploads\/2025\/05\/mediterranean-hope-2.jpg\" data-src=\"https:\/\/casevaldesi.it\/wp-content\/uploads\/2025\/05\/mediterranean-hope-2.jpg\"\/>\n\n            \n<\/picture>\n              <\/div>\n            <div class=\"combo__texts combo__texts--has-description combo__texts--has-boxed-description\">\n        <h3 class=\"combo__title\">Unsere Werte<\/h3>\n        <div class=\"combo__description\">\n          \n\n<p class=\"wp-block-paragraph\">Wir bekennen uns zu den Werten der Gastfreundschaft, der Solidarit\u00e4t und des verantwortungsvollen Tourismus. Seit 2016 sind wir Mitglied der Stiftung AITR (Stiftung f\u00fcr verantwortungsvollen Tourismus). <\/p>\n\n\n        <\/div>\n      <\/div>\n    <\/a>\n   \n  <\/li>\n\n<li class=\"combo combo--align-center combo--textalign-default combo--no-background combo--2-cols combos__combo \">  \n      <a class=\"combo__inner combo__inner--has-image combo__inner--has-boxed-description\" target=\"_self\" href=\"https:\/\/casevaldesi.it\/de\/ueber-uns\/\" title=\"\u00dcber uns\">\n      <div class=\"combo__bg combo__bg--position-default combo__bg--overlay-is-default \">\n                  <picture class=\"ratio__content\" alt=\"\" title=\"\" data-caption=\"\"> \n                    <source loading=\"lazy\" srcset=\"https:\/\/casevaldesi.it\/wp-content\/uploads\/2025\/05\/09-Settembre-2017-P.Romeo_.jpg\" media=\"(min-width: 1400px)\" \/>\n\n                  <source loading=\"lazy\" srcset=\"https:\/\/casevaldesi.it\/wp-content\/uploads\/2025\/05\/09-Settembre-2017-P.Romeo_-1400x875.jpg\" media=\"(min-width: 574px)\" \/>\n\n                  <source loading=\"lazy\" srcset=\"https:\/\/casevaldesi.it\/wp-content\/uploads\/2025\/05\/09-Settembre-2017-P.Romeo_-574x765.jpg\" \/>\n\n                    <img decoding=\"async\"  width=\"\" height=\"\" loading=\"lazy\" alt=\"09-Settembre-2017-P.Romeo_\" title=\"09-Settembre-2017-P.Romeo_\" data-caption=\"\" src=\"https:\/\/casevaldesi.it\/wp-content\/uploads\/2025\/05\/09-Settembre-2017-P.Romeo_.jpg\" data-src=\"https:\/\/casevaldesi.it\/wp-content\/uploads\/2025\/05\/09-Settembre-2017-P.Romeo_.jpg\"\/>\n\n            \n<\/picture>\n              <\/div>\n            <div class=\"combo__texts combo__texts--has-description combo__texts--has-boxed-description\">\n        <h3 class=\"combo__title\">\u00dcber uns<\/h3>\n        <div class=\"combo__description\">\n          \n\n<p class=\"wp-block-paragraph\">Die <strong>Case Valdesi<\/strong> sind Einrichtungen <strong><em>gemeinn\u00fctzige Einrichtungen<\/em><\/strong> , die im Rahmen der Waldensischen Diakonie t\u00e4tig sind. Sie stehen allen offen, und die Einnahmen flie\u00dfen vollst\u00e4ndig in soziale, bildungsbezogene und f\u00fcrsorgerische Projekte. <\/p>\n\n\n        <\/div>\n      <\/div>\n    <\/a>\n   \n  <\/li>\n\n<li class=\"combo combo--align-center combo--textalign-default combo--no-background combo--2-cols combos__combo \">  \n      <a class=\"combo__inner combo__inner--has-image combo__inner--has-boxed-description\" target=\"_self\" href=\"https:\/\/casevaldesi.it\/de\/ueber-uns\/schenken-sie-einen-aufenthalt\/\" title=\"Schenken Sie einen Aufenthalt\">\n      <div class=\"combo__bg combo__bg--position-default combo__bg--overlay-is-default \">\n                  <picture class=\"ratio__content\" alt=\"\" title=\"\" data-caption=\"\"> \n                    <source loading=\"lazy\" srcset=\"https:\/\/casevaldesi.it\/wp-content\/uploads\/2025\/05\/happy-little-girl-playing-on-road-at-the-day-time-PLK3CSR.jpg\" media=\"(min-width: 1400px)\" \/>\n\n                  <source loading=\"lazy\" srcset=\"https:\/\/casevaldesi.it\/wp-content\/uploads\/2025\/05\/happy-little-girl-playing-on-road-at-the-day-time-PLK3CSR-1200x875.jpg\" media=\"(min-width: 574px)\" \/>\n\n                  <source loading=\"lazy\" srcset=\"https:\/\/casevaldesi.it\/wp-content\/uploads\/2025\/05\/happy-little-girl-playing-on-road-at-the-day-time-PLK3CSR-574x765.jpg\" \/>\n\n                    <img decoding=\"async\"  width=\"\" height=\"\" loading=\"lazy\" alt=\"happy-little-girl-playing-on-road-at-the-day-time-PLK3CSR\" title=\"happy-little-girl-playing-on-road-at-the-day-time-PLK3CSR\" data-caption=\"\" src=\"https:\/\/casevaldesi.it\/wp-content\/uploads\/2025\/05\/happy-little-girl-playing-on-road-at-the-day-time-PLK3CSR.jpg\" data-src=\"https:\/\/casevaldesi.it\/wp-content\/uploads\/2025\/05\/happy-little-girl-playing-on-road-at-the-day-time-PLK3CSR.jpg\"\/>\n\n            \n<\/picture>\n              <\/div>\n            <div class=\"combo__texts combo__texts--has-description combo__texts--has-boxed-description\">\n        <h3 class=\"combo__title\">Schenken Sie einen Aufenthalt<\/h3>\n        <div class=\"combo__description\">\n          \n\n<p class=\"wp-block-paragraph\">Verschenken Sie einen Gutschein f\u00fcr einen Aufenthalt in den Case Valdesi! Sie k\u00f6nnen Ihr Wunschziel unter den Hotels, G\u00e4steh\u00e4usern, Herbergen und Ferienh\u00e4usern der Waldensischen Diakonie ausw\u00e4hlen. Erfahren Sie, wie das geht!  <\/p>\n\n\n        <\/div>\n      <\/div>\n    <\/a>\n   \n  <\/li>\n\n<li class=\"combo combo--align-center combo--textalign-default combo--no-background combo--2-cols combos__combo \">  \n      <a class=\"combo__inner combo__inner--has-image combo__inner--has-boxed-description\" target=\"_self\" href=\"https:\/\/casevaldesi.it\/de\/ueber-uns\/hygiene\/\" title=\"Hygiene\">\n      <div class=\"combo__bg combo__bg--position-default combo__bg--overlay-is-default \">\n                  <picture class=\"ratio__content\" alt=\"\" title=\"\" data-caption=\"\"> \n                    <source loading=\"lazy\" srcset=\"https:\/\/casevaldesi.it\/wp-content\/uploads\/2025\/03\/stanza-con-bagno-5-casa-cares-scaled.jpg\" media=\"(min-width: 1400px)\" \/>\n\n                  <source loading=\"lazy\" srcset=\"https:\/\/casevaldesi.it\/wp-content\/uploads\/2025\/03\/stanza-con-bagno-5-casa-cares-1400x875.jpg\" media=\"(min-width: 574px)\" \/>\n\n                  <source loading=\"lazy\" srcset=\"https:\/\/casevaldesi.it\/wp-content\/uploads\/2025\/03\/stanza-con-bagno-5-casa-cares-574x765.jpg\" \/>\n\n                    <img decoding=\"async\"  width=\"\" height=\"\" loading=\"lazy\" alt=\"stanza con bagno 5 - casa cares\" title=\"stanza con bagno 5 - casa cares\" data-caption=\"\" src=\"https:\/\/casevaldesi.it\/wp-content\/uploads\/2025\/03\/stanza-con-bagno-5-casa-cares-scaled.jpg\" data-src=\"https:\/\/casevaldesi.it\/wp-content\/uploads\/2025\/03\/stanza-con-bagno-5-casa-cares-scaled.jpg\"\/>\n\n            \n<\/picture>\n              <\/div>\n            <div class=\"combo__texts combo__texts--has-description combo__texts--has-boxed-description\">\n        <h3 class=\"combo__title\">Hygiene<\/h3>\n        <div class=\"combo__description\">\n          \n\n<p class=\"wp-block-paragraph\">Seit jeher legen wir gro\u00dfen Wert auf Sicherheit und Sauberkeit in unseren R\u00e4umlichkeiten. Seit der Pandemie achten wir noch sorgf\u00e4ltiger darauf, Ihnen einen unbeschwerten Aufenthalt zu gew\u00e4hrleisten und Ihre Gesundheit zu sch\u00fctzen. <\/p>\n\n\n        <\/div>\n      <\/div>\n    <\/a>\n   \n  <\/li>\n\n          <\/ul>\n      <\/div>\n<\/section><section class=\"post-grid post-grid--mt-default post-grid--mb-default post-grid--3-col post-grid--type-post post-grid--teaser-card post-grid--no-background typography__post-grid \">\n  <div class=\"post-grid__inner\">\n                  <div class=\"post-grid__title-container post-grid__title-container--type-post\">\n          <h2 class=\"post-grid__title post-grid__title--type-post\">\n            Neueste Nachrichten\n          <\/h2>\n                      <p class=\"post-grid__subtitle post-grid__subtitle--type-post\">\n              Lesen Sie unser Blog\n            <\/p>\n                  <\/div>\n                <ul class=\"post-grid__row post-grid__row--type-post post-grid__row--teaser-card\">\n                              <li class=\"pogi-card pogi-card--3-cols\">\n  <div class=\"pogi-card__inner\">\n    <a href=\"https:\/\/casevaldesi.it\/de\/2026\/05\/12\/aperitifs-auf-der-terrasse-sind-zurueck-in-rom\/\" class=\"pogi-card__image\">\n      <div class=\"ratio__content\">\n        <img decoding=\"async\" loading=\"lazy\" width=\"300\" height=\"200\" class=\"lazy\" src=\"https:\/\/casevaldesi.it\/wp-content\/uploads\/2026\/05\/IMG_6259-1400x875-1-550x344.jpg\">\n      <\/div>\n    <\/a>\n    <div class=\"pogi-card__texts\">\n      <h3 class=\"pogi-card__title h4\">\n        <a href=\"https:\/\/casevaldesi.it\/de\/2026\/05\/12\/aperitifs-auf-der-terrasse-sind-zurueck-in-rom\/\" class=\"pogi-card__link\">\n          <span class=\"pogi-card__title pogi-card__title--p1\">\n            In Rom \u00f6ffnen die Panoramaterrassen wieder!\n          <\/span>\n          <span class=\"pogi-card__title pogi-card__title--p2\">\n            \n          <\/span>\n        <\/a>\n      <\/h3>\n      <p class=\"pogi-card__meta p-small\">\n        by Case Valdesi | 12. Mai 2026\n      <\/p>\n      <p class=\"pogi-card__excerpt p-small\">\n        Mit Beginn der sch\u00f6nen Jahreszeit stehen die Terrassen des Hotels Casa Valdese Roma allen zur Verf\u00fcgung, die Aperitifs, Veranstaltungen und Abendessen mit einer besonderen Aussicht organisieren m\u00f6chten.\n      <\/p>\n    <\/div>\n  <\/div>\n<\/li>                      <li class=\"pogi-card pogi-card--3-cols\">\n  <div class=\"pogi-card__inner\">\n    <a href=\"https:\/\/casevaldesi.it\/de\/2026\/05\/11\/von-tag-zu-tag-sprechen\/\" class=\"pogi-card__image\">\n      <div class=\"ratio__content\">\n        <img decoding=\"async\" loading=\"lazy\" width=\"300\" height=\"200\" class=\"lazy\" src=\"https:\/\/casevaldesi.it\/wp-content\/uploads\/2025\/06\/Screenshot-2026-05-06-101345-550x344.png\">\n      <\/div>\n    <\/a>\n    <div class=\"pogi-card__texts\">\n      <h3 class=\"pogi-card__title h4\">\n        <a href=\"https:\/\/casevaldesi.it\/de\/2026\/05\/11\/von-tag-zu-tag-sprechen\/\" class=\"pogi-card__link\">\n          <span class=\"pogi-card__title pogi-card__title--p1\">\n            &#8218;Von Tag zu Tag sprechen&#8216;\n          <\/span>\n          <span class=\"pogi-card__title pogi-card__title--p2\">\n            \n          <\/span>\n        <\/a>\n      <\/h3>\n      <p class=\"pogi-card__meta p-small\">\n        by Case Valdesi | 11. Mai 2026\n      <\/p>\n      <p class=\"pogi-card__excerpt p-small\">\n        Vom 15. bis 21. September findet in der Casa Valdese in Vallecrosia ein Seminar zur biblischen Reflexion unter der Leitung von Pastor Giuseppe Platone statt.\n      <\/p>\n    <\/div>\n  <\/div>\n<\/li>                      <li class=\"pogi-card pogi-card--3-cols\">\n  <div class=\"pogi-card__inner\">\n    <a href=\"https:\/\/casevaldesi.it\/de\/2026\/04\/07\/wein-kultur-meer-und-natur-sommer-in-case-valdesi\/\" class=\"pogi-card__image\">\n      <div class=\"ratio__content\">\n        <img decoding=\"async\" loading=\"lazy\" width=\"300\" height=\"200\" class=\"lazy\" src=\"https:\/\/casevaldesi.it\/wp-content\/uploads\/2026\/04\/pexels-hani-salama-1956859194-35594458-550x344.jpg\">\n      <\/div>\n    <\/a>\n    <div class=\"pogi-card__texts\">\n      <h3 class=\"pogi-card__title h4\">\n        <a href=\"https:\/\/casevaldesi.it\/de\/2026\/04\/07\/wein-kultur-meer-und-natur-sommer-in-case-valdesi\/\" class=\"pogi-card__link\">\n          <span class=\"pogi-card__title pogi-card__title--p1\">\n            Wein, Kultur, Meer und Natur: Sommer in Case Valdesi\n          <\/span>\n          <span class=\"pogi-card__title pogi-card__title--p2\">\n            \n          <\/span>\n        <\/a>\n      <\/h3>\n      <p class=\"pogi-card__meta p-small\">\n        by Case Valdesi | 7. April 2026\n      <\/p>\n      <p class=\"pogi-card__excerpt p-small\">\n        Zwischen Ligurien, dem Piemont und der Toskana eine Welt von Vorschl\u00e4gen und Veranstaltungen f\u00fcr Ihren Sommer bei Case Valdesi!\n      <\/p>\n    <\/div>\n  <\/div>\n<\/li>                      <li class=\"pogi-card pogi-card--3-cols\">\n  <div class=\"pogi-card__inner\">\n    <a href=\"https:\/\/casevaldesi.it\/de\/2026\/04\/03\/sommercamps-bei-casa-cares\/\" class=\"pogi-card__image\">\n      <div class=\"ratio__content\">\n        <img decoding=\"async\" loading=\"lazy\" width=\"300\" height=\"200\" class=\"lazy\" src=\"https:\/\/casevaldesi.it\/wp-content\/uploads\/2026\/04\/artem-kniaz-dqgmhzeio7g-unsplash-1-550x344.jpg\">\n      <\/div>\n    <\/a>\n    <div class=\"pogi-card__texts\">\n      <h3 class=\"pogi-card__title h4\">\n        <a href=\"https:\/\/casevaldesi.it\/de\/2026\/04\/03\/sommercamps-bei-casa-cares\/\" class=\"pogi-card__link\">\n          <span class=\"pogi-card__title pogi-card__title--p1\">\n            Sommercamps bei Casa Cares!\n          <\/span>\n          <span class=\"pogi-card__title pogi-card__title--p2\">\n            \n          <\/span>\n        <\/a>\n      <\/h3>\n      <p class=\"pogi-card__meta p-small\">\n        by Case Valdesi | 3. April 2026\n      <\/p>\n      <p class=\"pogi-card__excerpt p-small\">\n        Acht Tage in der Natur f\u00fcr Jungen und M\u00e4dchen von 8 bis 17 Jahren: Spiele, Workshops und Ausfl\u00fcge f\u00fcr einen unvergesslichen Urlaub!\n      <\/p>\n    <\/div>\n  <\/div>\n<\/li>                      <li class=\"pogi-card pogi-card--3-cols\">\n  <div class=\"pogi-card__inner\">\n    <a href=\"https:\/\/casevaldesi.it\/de\/2026\/04\/02\/in-torre-pellice-ist-die-zugaenglichkeit-s-m-a-r-t-%c2%b2\/\" class=\"pogi-card__image\">\n      <div class=\"ratio__content\">\n        <img decoding=\"async\" loading=\"lazy\" width=\"300\" height=\"200\" class=\"lazy\" src=\"https:\/\/casevaldesi.it\/wp-content\/uploads\/2026\/04\/pexels-alexandre-saraiva-carniato-583650-6910571-550x344.jpg\">\n      <\/div>\n    <\/a>\n    <div class=\"pogi-card__texts\">\n      <h3 class=\"pogi-card__title h4\">\n        <a href=\"https:\/\/casevaldesi.it\/de\/2026\/04\/02\/in-torre-pellice-ist-die-zugaenglichkeit-s-m-a-r-t-%c2%b2\/\" class=\"pogi-card__link\">\n          <span class=\"pogi-card__title pogi-card__title--p1\">\n            In Torre Pellice ist die Zug\u00e4nglichkeit S.M.A.R.T.\u00b2.\n          <\/span>\n          <span class=\"pogi-card__title pogi-card__title--p2\">\n            \n          <\/span>\n        <\/a>\n      <\/h3>\n      <p class=\"pogi-card__meta p-small\">\n        by Case Valdesi | 2. April 2026\n      <\/p>\n      <p class=\"pogi-card__excerpt p-small\">\n        Die Foresteria di Torre Pellice ist Teil des Projekts Territori S.M.A.R.T.\u00b2 zur Entwicklung und zum Austausch von Willkommenspraktiken f\u00fcr Menschen mit Behinderungen\n      <\/p>\n    <\/div>\n  <\/div>\n<\/li>                      <li class=\"pogi-card pogi-card--3-cols\">\n  <div class=\"pogi-card__inner\">\n    <a href=\"https:\/\/casevaldesi.it\/de\/2026\/03\/19\/waldensian-homes-sind-stolz-auf-ihre-reisen\/\" class=\"pogi-card__image\">\n      <div class=\"ratio__content\">\n        <img decoding=\"async\" loading=\"lazy\" width=\"300\" height=\"200\" class=\"lazy\" src=\"https:\/\/casevaldesi.it\/wp-content\/uploads\/2026\/03\/Screenshot-2026-03-18-114138-550x344.png\">\n      <\/div>\n    <\/a>\n    <div class=\"pogi-card__texts\">\n      <h3 class=\"pogi-card__title h4\">\n        <a href=\"https:\/\/casevaldesi.it\/de\/2026\/03\/19\/waldensian-homes-sind-stolz-auf-ihre-reisen\/\" class=\"pogi-card__link\">\n          <span class=\"pogi-card__title pogi-card__title--p1\">\n            Waldensian Homes sind stolz auf ihre Reisen!\n          <\/span>\n          <span class=\"pogi-card__title pogi-card__title--p2\">\n            \n          <\/span>\n        <\/a>\n      <\/h3>\n      <p class=\"pogi-card__meta p-small\">\n        by Case Valdesi | 19. M\u00e4rz 2026\n      <\/p>\n      <p class=\"pogi-card__excerpt p-small\">\n        Unbesorgt zu reisen ist ein Recht f\u00fcr jeden. Deshalb nehmen die Waldenserh\u00e4user in Rom und Venedig am Programm Travel Proud teil.\n      <\/p>\n    <\/div>\n  <\/div>\n<\/li>                        <\/ul>\n        <div class=\"post-grid__cta-container\">\n      <div class=\"post-grid__cta\">\n        <a href=\"https:\/\/casevaldesi.it\/de\/blog\/\" title=\"Sehen Sie sie alle\" target=\"_self\" class=\"post-grid__button button button--post-grid\">\n          Sehen Sie sie alle\n        <\/a>\n      <\/div>\n    <\/div>\n   \n  <\/div>\n<\/section>\n<section class=\"map typography__map\">\n  <div id=\"map\" class=\"map__container js-map\">\n    <div class=\"map__markers\">\n                                                            <div class=\"marker\" data-marker-color=\"sea\" data-marker-icon=\"1\" data-marker-title=\" Casa Valdese di Vallecrosia al Mare\" data-lat=\"43.785685\" data-lng=\"7.6409489\" data-marker-status=\"closed\">\n                                      <div class=\"map-tooltip\">\n                                  <a title=\" Casa Valdese di Vallecrosia al Mare\" href=\"https:\/\/casevaldesi.it\/de\/struttura\/vallecrosia-al-mare\/\" target=\"self\" class=\"map-tooltip__image\">\n                    <img decoding=\"async\" src=\"https:\/\/casevaldesi.it\/wp-content\/uploads\/2025\/06\/q5a545-scaled-87x110-c-default.jpg\" \/>\n                  <\/a>\n                                <div class=\"map-tooltip__texts\">\n                  <h4 class=\"map-tooltip__title\">\n                    <a title=\" Casa Valdese di Vallecrosia al Mare\" target=\"self\" href=\"https:\/\/casevaldesi.it\/de\/struttura\/vallecrosia-al-mare\/\"> Casa Valdese di Vallecrosia al Mare<\/a>\n                  <\/h4>\n                  <p class=\"map-tooltip__description\">\n                    Via Colonnello Aprosio, 255, 18019 Vallecrosia al Mare IM<br\/>\n                  <\/p>\n                  <a title=\" Casa Valdese di Vallecrosia al Mare\" class=\"map-tooltip__link-text\" target=\"self\" href=\"https:\/\/casevaldesi.it\/de\/struttura\/vallecrosia-al-mare\/\">Entdecken \u219d<\/a>\n                <\/div>\n                <div class=\"map-tooltip__link\">\n                  <a title=\" Casa Valdese di Vallecrosia al Mare\" target=\"self\" class=\"map-tooltip__arrow\" href=\"https:\/\/casevaldesi.it\/de\/struttura\/vallecrosia-al-mare\/\">\u276f<\/a>\n                <\/div>\n              <\/div>\n                        <\/div>\n                                                                <div class=\"marker\" data-marker-color=\"sea\" data-marker-icon=\"2\" data-marker-title=\" Casa Valdese di Rio Marina\" data-lat=\"42.8145454\" data-lng=\"10.4273176\" data-marker-status=\"closed\">\n                                      <div class=\"map-tooltip\">\n                                  <a title=\" Casa Valdese di Rio Marina\" href=\"https:\/\/casevaldesi.it\/de\/struttura\/casa-valdese-di-rio-marina\/\" target=\"self\" class=\"map-tooltip__image\">\n                    <img decoding=\"async\" src=\"https:\/\/casevaldesi.it\/wp-content\/uploads\/2026\/01\/RioMarina02-scaled-87x110-c-default.jpg\" \/>\n                  <\/a>\n                                <div class=\"map-tooltip__texts\">\n                  <h4 class=\"map-tooltip__title\">\n                    <a title=\" Casa Valdese di Rio Marina\" target=\"self\" href=\"https:\/\/casevaldesi.it\/de\/struttura\/casa-valdese-di-rio-marina\/\"> Casa Valdese di Rio Marina<\/a>\n                  <\/h4>\n                  <p class=\"map-tooltip__description\">\n                    Piazza Giuseppe Mazzini, 14, 57038 Rio Marina LI<br\/>\n                  <\/p>\n                  <a title=\" Casa Valdese di Rio Marina\" class=\"map-tooltip__link-text\" target=\"self\" href=\"https:\/\/casevaldesi.it\/de\/struttura\/casa-valdese-di-rio-marina\/\">Entdecken \u219d<\/a>\n                <\/div>\n                <div class=\"map-tooltip__link\">\n                  <a title=\" Casa Valdese di Rio Marina\" target=\"self\" class=\"map-tooltip__arrow\" href=\"https:\/\/casevaldesi.it\/de\/struttura\/casa-valdese-di-rio-marina\/\">\u276f<\/a>\n                <\/div>\n              <\/div>\n                        <\/div>\n                                                                <div class=\"marker\" data-marker-color=\"sea\" data-marker-icon=\"3\" data-marker-title=\" Hotel Casa Valdese Pietra Ligure\" data-lat=\"44.1486909\" data-lng=\"8.282829\" data-marker-status=\"closed\">\n                                      <div class=\"map-tooltip\">\n                                  <a title=\" Hotel Casa Valdese Pietra Ligure\" href=\"https:\/\/casevaldesi.it\/de\/struttura\/pietra-ligure-hotels\/\" target=\"self\" class=\"map-tooltip__image\">\n                    <img decoding=\"async\" src=\"https:\/\/casevaldesi.it\/wp-content\/uploads\/2025\/06\/61_Pietra_Ligure__DG_1475-Modifica-scaled-87x110-c-default.jpg\" \/>\n                  <\/a>\n                                <div class=\"map-tooltip__texts\">\n                  <h4 class=\"map-tooltip__title\">\n                    <a title=\" Hotel Casa Valdese Pietra Ligure\" target=\"self\" href=\"https:\/\/casevaldesi.it\/de\/struttura\/pietra-ligure-hotels\/\"> Hotel Casa Valdese Pietra Ligure<\/a>\n                  <\/h4>\n                  <p class=\"map-tooltip__description\">\n                    Lungomare Falcone Borsellino, 24 17027 Pietra Ligure SV<br\/>\n                  <\/p>\n                  <a title=\" Hotel Casa Valdese Pietra Ligure\" class=\"map-tooltip__link-text\" target=\"self\" href=\"https:\/\/casevaldesi.it\/de\/struttura\/pietra-ligure-hotels\/\">Entdecken \u219d<\/a>\n                <\/div>\n                <div class=\"map-tooltip__link\">\n                  <a title=\" Hotel Casa Valdese Pietra Ligure\" target=\"self\" class=\"map-tooltip__arrow\" href=\"https:\/\/casevaldesi.it\/de\/struttura\/pietra-ligure-hotels\/\">\u276f<\/a>\n                <\/div>\n              <\/div>\n                        <\/div>\n                                                                <div class=\"marker\" data-marker-color=\"art\" data-marker-icon=\"4\" data-marker-title=\" Hotel Casa Valdese Roma\" data-lat=\"41.9105538\" data-lng=\"12.46815\" data-marker-status=\"closed\">\n                                      <div class=\"map-tooltip\">\n                                  <a title=\" Hotel Casa Valdese Roma\" href=\"https:\/\/casevaldesi.it\/de\/struttura\/hotel-casa-valdese-roma\/\" target=\"self\" class=\"map-tooltip__image\">\n                    <img decoding=\"async\" src=\"https:\/\/casevaldesi.it\/wp-content\/uploads\/2025\/06\/P8940151-Modifica-e1784534023270-87x110-c-default.jpg\" \/>\n                  <\/a>\n                                <div class=\"map-tooltip__texts\">\n                  <h4 class=\"map-tooltip__title\">\n                    <a title=\" Hotel Casa Valdese Roma\" target=\"self\" href=\"https:\/\/casevaldesi.it\/de\/struttura\/hotel-casa-valdese-roma\/\"> Hotel Casa Valdese Roma<\/a>\n                  <\/h4>\n                  <p class=\"map-tooltip__description\">\n                    Via Alessandro Farnese, 18 00192 Roma<br\/>\n                  <\/p>\n                  <a title=\" Hotel Casa Valdese Roma\" class=\"map-tooltip__link-text\" target=\"self\" href=\"https:\/\/casevaldesi.it\/de\/struttura\/hotel-casa-valdese-roma\/\">Entdecken \u219d<\/a>\n                <\/div>\n                <div class=\"map-tooltip__link\">\n                  <a title=\" Hotel Casa Valdese Roma\" target=\"self\" class=\"map-tooltip__arrow\" href=\"https:\/\/casevaldesi.it\/de\/struttura\/hotel-casa-valdese-roma\/\">\u276f<\/a>\n                <\/div>\n              <\/div>\n                        <\/div>\n                                                                <div class=\"marker\" data-marker-color=\"art\" data-marker-icon=\"5\" data-marker-title=\" Foresteria Valdese in Venedig\" data-lat=\"45.43777\" data-lng=\"12.3426\" data-marker-status=\"closed\">\n                                      <div class=\"map-tooltip\">\n                                  <a title=\" Foresteria Valdese in Venedig\" href=\"https:\/\/casevaldesi.it\/de\/struttura\/venedig\/\" target=\"self\" class=\"map-tooltip__image\">\n                    <img decoding=\"async\" src=\"https:\/\/casevaldesi.it\/wp-content\/uploads\/2025\/06\/P8920423-Modifica-87x110-c-default.jpg\" \/>\n                  <\/a>\n                                <div class=\"map-tooltip__texts\">\n                  <h4 class=\"map-tooltip__title\">\n                    <a title=\" Foresteria Valdese in Venedig\" target=\"self\" href=\"https:\/\/casevaldesi.it\/de\/struttura\/venedig\/\"> Foresteria Valdese in Venedig<\/a>\n                  <\/h4>\n                  <p class=\"map-tooltip__description\">\n                    Castello 5170 30122 Venezia<br\/>\n                  <\/p>\n                  <a title=\" Foresteria Valdese in Venedig\" class=\"map-tooltip__link-text\" target=\"self\" href=\"https:\/\/casevaldesi.it\/de\/struttura\/venedig\/\">Entdecken \u219d<\/a>\n                <\/div>\n                <div class=\"map-tooltip__link\">\n                  <a title=\" Foresteria Valdese in Venedig\" target=\"self\" class=\"map-tooltip__arrow\" href=\"https:\/\/casevaldesi.it\/de\/struttura\/venedig\/\">\u276f<\/a>\n                <\/div>\n              <\/div>\n                        <\/div>\n                                                                <div class=\"marker\" data-marker-color=\"art\" data-marker-icon=\"6\" data-marker-title=\" Foresteria Valdese di Firenze\" data-lat=\"43.7665873\" data-lng=\"11.2451409\" data-marker-status=\"closed\">\n                                      <div class=\"map-tooltip\">\n                                  <a title=\" Foresteria Valdese di Firenze\" href=\"https:\/\/casevaldesi.it\/de\/struttura\/florenz\/\" target=\"self\" class=\"map-tooltip__image\">\n                    <img decoding=\"async\" src=\"https:\/\/casevaldesi.it\/wp-content\/uploads\/2025\/06\/DSC_0146-copia-scaled-87x110-c-default.jpg\" \/>\n                  <\/a>\n                                <div class=\"map-tooltip__texts\">\n                  <h4 class=\"map-tooltip__title\">\n                    <a title=\" Foresteria Valdese di Firenze\" target=\"self\" href=\"https:\/\/casevaldesi.it\/de\/struttura\/florenz\/\"> Foresteria Valdese di Firenze<\/a>\n                  <\/h4>\n                  <p class=\"map-tooltip__description\">\n                    Via dei Serragli,49 50124 Firenze (Italia)<br\/>\n                  <\/p>\n                  <a title=\" Foresteria Valdese di Firenze\" class=\"map-tooltip__link-text\" target=\"self\" href=\"https:\/\/casevaldesi.it\/de\/struttura\/florenz\/\">Entdecken \u219d<\/a>\n                <\/div>\n                <div class=\"map-tooltip__link\">\n                  <a title=\" Foresteria Valdese di Firenze\" target=\"self\" class=\"map-tooltip__arrow\" href=\"https:\/\/casevaldesi.it\/de\/struttura\/florenz\/\">\u276f<\/a>\n                <\/div>\n              <\/div>\n                        <\/div>\n                                                                <div class=\"marker\" data-marker-color=\"nature\" data-marker-icon=\"7\" data-marker-title=\" Foresteria Valdese di Torre Pellice\" data-lat=\"44.8206009\" data-lng=\"7.2207294\" data-marker-status=\"closed\">\n                                      <div class=\"map-tooltip\">\n                                  <a title=\" Foresteria Valdese di Torre Pellice\" href=\"https:\/\/casevaldesi.it\/de\/struttura\/foresteria-valdese-di-torre-pellice\/\" target=\"self\" class=\"map-tooltip__image\">\n                    <img decoding=\"async\" src=\"https:\/\/casevaldesi.it\/wp-content\/uploads\/2025\/05\/FTP_upscayl_2x_upscayl-standard-4x-e1784290056463-87x110-c-default.png\" \/>\n                  <\/a>\n                                <div class=\"map-tooltip__texts\">\n                  <h4 class=\"map-tooltip__title\">\n                    <a title=\" Foresteria Valdese di Torre Pellice\" target=\"self\" href=\"https:\/\/casevaldesi.it\/de\/struttura\/foresteria-valdese-di-torre-pellice\/\"> Foresteria Valdese di Torre Pellice<\/a>\n                  <\/h4>\n                  <p class=\"map-tooltip__description\">\n                    Via Arnaud, 34, 10066 Torre Pellice TO<br\/>\n                  <\/p>\n                  <a title=\" Foresteria Valdese di Torre Pellice\" class=\"map-tooltip__link-text\" target=\"self\" href=\"https:\/\/casevaldesi.it\/de\/struttura\/foresteria-valdese-di-torre-pellice\/\">Entdecken \u219d<\/a>\n                <\/div>\n                <div class=\"map-tooltip__link\">\n                  <a title=\" Foresteria Valdese di Torre Pellice\" target=\"self\" class=\"map-tooltip__arrow\" href=\"https:\/\/casevaldesi.it\/de\/struttura\/foresteria-valdese-di-torre-pellice\/\">\u276f<\/a>\n                <\/div>\n              <\/div>\n                        <\/div>\n                                                                <div class=\"marker\" data-marker-color=\"nature\" data-marker-icon=\"8\" data-marker-title=\" Casa Cares\" data-lat=\"43.7037359\" data-lng=\"11.5247228\" data-marker-status=\"closed\">\n                                      <div class=\"map-tooltip\">\n                                  <a title=\" Casa Cares\" href=\"https:\/\/casevaldesi.it\/de\/struttura\/soggiorno-gruppi-natura-toscana\/\" target=\"self\" class=\"map-tooltip__image\">\n                    <img decoding=\"async\" src=\"https:\/\/casevaldesi.it\/wp-content\/uploads\/2025\/03\/03042025-P8890993-scaled-87x110-c-default.jpg\" \/>\n                  <\/a>\n                                <div class=\"map-tooltip__texts\">\n                  <h4 class=\"map-tooltip__title\">\n                    <a title=\" Casa Cares\" target=\"self\" href=\"https:\/\/casevaldesi.it\/de\/struttura\/soggiorno-gruppi-natura-toscana\/\"> Casa Cares<\/a>\n                  <\/h4>\n                  <p class=\"map-tooltip__description\">\n                    Via Pietrapiana, 56, 50066 Reggello FI<br\/>\n                  <\/p>\n                  <a title=\" Casa Cares\" class=\"map-tooltip__link-text\" target=\"self\" href=\"https:\/\/casevaldesi.it\/de\/struttura\/soggiorno-gruppi-natura-toscana\/\">Entdecken \u219d<\/a>\n                <\/div>\n                <div class=\"map-tooltip__link\">\n                  <a title=\" Casa Cares\" target=\"self\" class=\"map-tooltip__arrow\" href=\"https:\/\/casevaldesi.it\/de\/struttura\/soggiorno-gruppi-natura-toscana\/\">\u276f<\/a>\n                <\/div>\n              <\/div>\n                        <\/div>\n                            <\/div>\n  <\/div>\n      <ul class=\"map__legend\">\n      <li class=\"map__legend-item p-small\">\n        <span class=\"map__legend-color map__legend-color--nature\"><\/span>\n        <span class=\"map__legend-text\">Natur<\/span>\n      <\/li>\n      <li class=\"map__legend-item p-small\">\n        <span class=\"map__legend-color map__legend-color--sea\"><\/span>\n        <span class=\"map__legend-text\">Meer<\/span>\n      <\/li>\n      <li class=\"map__legend-item p-small\">\n        <span class=\"map__legend-color map__legend-color--art\"><\/span>\n        <span class=\"map__legend-text\">Kunststadt<\/span>\n      <\/li>\n    <\/ul>\n  <\/section>\n","protected":false},"excerpt":{"rendered":"","protected":false},"author":1,"featured_media":344023,"parent":0,"menu_order":0,"comment_status":"closed","ping_status":"closed","template":"","meta":{"_acf_changed":false,"footnotes":""},"class_list":["post-344022","page","type-page","status-publish","has-post-thumbnail","hentry"],"acf":[],"yoast_head":"<!-- This site is optimized with the Yoast SEO plugin v27.9 - https:\/\/yoast.com\/product\/yoast-seo-wordpress\/ -->\n<title>Case Valdesi - Solidarischer Tourismus in Hotels und Pensionen in Italien<\/title>\n<meta name=\"description\" content=\"Entdecken Sie die Case Valdesi: gemeinn\u00fctzige Einrichtungen der Diaconia Valdese, darunter Hotels und Pensionen in St\u00e4dten der Kunst, des Meeres und der Natur.\" \/>\n<meta name=\"robots\" content=\"index, follow, max-snippet:-1, max-image-preview:large, max-video-preview:-1\" \/>\n<link rel=\"canonical\" href=\"https:\/\/casevaldesi.it\/de\/\" \/>\n<meta property=\"og:locale\" content=\"de_DE\" \/>\n<meta property=\"og:type\" content=\"article\" \/>\n<meta property=\"og:title\" content=\"Case Valdesi - Solidarischer Tourismus in Hotels und Pensionen in Italien\" \/>\n<meta property=\"og:description\" content=\"Entdecken Sie die Case Valdesi: gemeinn\u00fctzige Einrichtungen der Diaconia Valdese, darunter Hotels und Pensionen in St\u00e4dten der Kunst, des Meeres und der Natur.\" \/>\n<meta property=\"og:url\" content=\"https:\/\/casevaldesi.it\/de\/\" \/>\n<meta property=\"og:site_name\" content=\"Waldenserh\u00e4user\" \/>\n<meta property=\"article:modified_time\" content=\"2026-07-30T07:40:22+00:00\" \/>\n<meta property=\"og:image\" content=\"https:\/\/casevaldesi.it\/wp-content\/uploads\/2025\/03\/15_Casa_Cares_DG_1824-HDR3.jpg\" \/>\n\t<meta property=\"og:image:width\" content=\"2182\" \/>\n\t<meta property=\"og:image:height\" content=\"1066\" \/>\n\t<meta property=\"og:image:type\" content=\"image\/jpeg\" \/>\n<meta name=\"twitter:card\" content=\"summary_large_image\" \/>\n<meta name=\"twitter:label1\" content=\"Gesch\u00e4tzte Lesezeit\" \/>\n\t<meta name=\"twitter:data1\" content=\"1\u00a0Minute\" \/>\n<!-- \/ Yoast SEO plugin. -->","yoast_head_json":{"title":"Case Valdesi - Solidarischer Tourismus in Hotels und Pensionen in Italien","description":"Entdecken Sie die Case Valdesi: gemeinn\u00fctzige Einrichtungen der Diaconia Valdese, darunter Hotels und Pensionen in St\u00e4dten der Kunst, des Meeres und der Natur.","robots":{"index":"index","follow":"follow","max-snippet":"max-snippet:-1","max-image-preview":"max-image-preview:large","max-video-preview":"max-video-preview:-1"},"canonical":"https:\/\/casevaldesi.it\/de\/","og_locale":"de_DE","og_type":"article","og_title":"Case Valdesi - Solidarischer Tourismus in Hotels und Pensionen in Italien","og_description":"Entdecken Sie die Case Valdesi: gemeinn\u00fctzige Einrichtungen der Diaconia Valdese, darunter Hotels und Pensionen in St\u00e4dten der Kunst, des Meeres und der Natur.","og_url":"https:\/\/casevaldesi.it\/de\/","og_site_name":"Waldenserh\u00e4user","article_modified_time":"2026-07-30T07:40:22+00:00","og_image":[{"width":2182,"height":1066,"url":"https:\/\/casevaldesi.it\/wp-content\/uploads\/2025\/03\/15_Casa_Cares_DG_1824-HDR3.jpg","type":"image\/jpeg"}],"twitter_card":"summary_large_image","twitter_misc":{"Gesch\u00e4tzte Lesezeit":"1\u00a0Minute"},"schema":{"@context":"https:\/\/schema.org","@graph":[{"@type":"WebPage","@id":"https:\/\/casevaldesi.it\/de\/","url":"https:\/\/casevaldesi.it\/de\/","name":"Case Valdesi - Solidarischer Tourismus in Hotels und Pensionen in Italien","isPartOf":{"@id":"https:\/\/casevaldesi.it\/#website"},"primaryImageOfPage":{"@id":"https:\/\/casevaldesi.it\/de\/#primaryimage"},"image":{"@id":"https:\/\/casevaldesi.it\/de\/#primaryimage"},"thumbnailUrl":"https:\/\/casevaldesi.it\/wp-content\/uploads\/2025\/03\/15_Casa_Cares_DG_1824-HDR3.jpg","datePublished":"2025-03-06T12:40:56+00:00","dateModified":"2026-07-30T07:40:22+00:00","description":"Entdecken Sie die Case Valdesi: gemeinn\u00fctzige Einrichtungen der Diaconia Valdese, darunter Hotels und Pensionen in St\u00e4dten der Kunst, des Meeres und der Natur.","breadcrumb":{"@id":"https:\/\/casevaldesi.it\/de\/#breadcrumb"},"inLanguage":"de","potentialAction":[{"@type":"ReadAction","target":["https:\/\/casevaldesi.it\/de\/"]}]},{"@type":"ImageObject","inLanguage":"de","@id":"https:\/\/casevaldesi.it\/de\/#primaryimage","url":"https:\/\/casevaldesi.it\/wp-content\/uploads\/2025\/03\/15_Casa_Cares_DG_1824-HDR3.jpg","contentUrl":"https:\/\/casevaldesi.it\/wp-content\/uploads\/2025\/03\/15_Casa_Cares_DG_1824-HDR3.jpg","width":2182,"height":1066},{"@type":"BreadcrumbList","@id":"https:\/\/casevaldesi.it\/de\/#breadcrumb","itemListElement":[{"@type":"ListItem","position":1,"name":"Startseite","item":"https:\/\/casevaldesi.it\/de\/"},{"@type":"ListItem","position":2,"name":"Startseite"}]},{"@type":"WebSite","@id":"https:\/\/casevaldesi.it\/#website","url":"https:\/\/casevaldesi.it\/","name":"Waldenserh\u00e4user","description":"Hotels &amp; G\u00e4steh\u00e4user","publisher":{"@id":"https:\/\/casevaldesi.it\/#organization"},"potentialAction":[{"@type":"SearchAction","target":{"@type":"EntryPoint","urlTemplate":"https:\/\/casevaldesi.it\/?s={search_term_string}"},"query-input":{"@type":"PropertyValueSpecification","valueRequired":true,"valueName":"search_term_string"}}],"inLanguage":"de"},{"@type":"Organization","@id":"https:\/\/casevaldesi.it\/#organization","name":"Waldenserh\u00e4user","url":"https:\/\/casevaldesi.it\/","logo":{"@type":"ImageObject","inLanguage":"de","@id":"https:\/\/casevaldesi.it\/#\/schema\/logo\/image\/","url":"","contentUrl":"","caption":"Waldenserh\u00e4user"},"image":{"@id":"https:\/\/casevaldesi.it\/#\/schema\/logo\/image\/"}}]}},"_links":{"self":[{"href":"https:\/\/casevaldesi.it\/de\/wp-json\/wp\/v2\/pages\/344022","targetHints":{"allow":["GET"]}}],"collection":[{"href":"https:\/\/casevaldesi.it\/de\/wp-json\/wp\/v2\/pages"}],"about":[{"href":"https:\/\/casevaldesi.it\/de\/wp-json\/wp\/v2\/types\/page"}],"author":[{"embeddable":true,"href":"https:\/\/casevaldesi.it\/de\/wp-json\/wp\/v2\/users\/1"}],"replies":[{"embeddable":true,"href":"https:\/\/casevaldesi.it\/de\/wp-json\/wp\/v2\/comments?post=344022"}],"version-history":[{"count":4,"href":"https:\/\/casevaldesi.it\/de\/wp-json\/wp\/v2\/pages\/344022\/revisions"}],"predecessor-version":[{"id":346492,"href":"https:\/\/casevaldesi.it\/de\/wp-json\/wp\/v2\/pages\/344022\/revisions\/346492"}],"wp:featuredmedia":[{"embeddable":true,"href":"https:\/\/casevaldesi.it\/de\/wp-json\/wp\/v2\/media\/344023"}],"wp:attachment":[{"href":"https:\/\/casevaldesi.it\/de\/wp-json\/wp\/v2\/media?parent=344022"}],"curies":[{"name":"wp","href":"https:\/\/api.w.org\/{rel}","templated":true}]}}